{"id":22125,"date":"2015-02-17T16:17:07","date_gmt":"2015-02-17T16:17:07","guid":{"rendered":"https:\/\/www.altecs.be\/produits\/video-en-parlofonie\/"},"modified":"2019-09-05T14:45:29","modified_gmt":"2019-09-05T12:45:29","slug":"video-et-parlophonie","status":"publish","type":"page","link":"https:\/\/www.altecs.be\/fr\/produits\/video-et-parlophonie\/","title":{"rendered":"Video et parlophonie"},"content":{"rendered":"<div class=\"wpb-content-wrapper\"><p>[vc_row row_type=\u00a0\u00bbrow\u00a0\u00bb use_row_as_full_screen_section=\u00a0\u00bbno\u00a0\u00bb type=\u00a0\u00bbfull_width\u00a0\u00bb text_align=\u00a0\u00bbleft\u00a0\u00bb background_animation=\u00a0\u00bbnone\u00a0\u00bb css_animation=\u00a0\u00bb\u00a0\u00bb][vc_column][vc_column_text]<\/p>\n<h2 style=\"text-align: center;\">Nos marques<\/h2>\n<p>[\/vc_column_text][\/vc_column][\/vc_row][vc_row row_type=\u00a0\u00bbrow\u00a0\u00bb use_row_as_full_screen_section=\u00a0\u00bbno\u00a0\u00bb type=\u00a0\u00bbfull_width\u00a0\u00bb text_align=\u00a0\u00bbleft\u00a0\u00bb background_animation=\u00a0\u00bbnone\u00a0\u00bb css_animation=\u00a0\u00bb\u00a0\u00bb css=\u00a0\u00bb.vc_custom_1435043751419{margin-top: 50px !important;margin-right: 40px !important;margin-bottom: 50px !important;margin-left: 40px !important;}\u00a0\u00bb][vc_column][vc_row_inner row_type=\u00a0\u00bbrow\u00a0\u00bb type=\u00a0\u00bbfull_width\u00a0\u00bb use_row_as_full_screen_section_slide=\u00a0\u00bbno\u00a0\u00bb text_align=\u00a0\u00bbleft\u00a0\u00bb css_animation=\u00a0\u00bb\u00a0\u00bb][vc_column_inner width=\u00a0\u00bb1\/3&Prime;][vc_single_image image=\u00a0\u00bb21874&Prime; img_size=\u00a0\u00bbmedium\u00a0\u00bb alignment=\u00a0\u00bbcenter\u00a0\u00bb onclick=\u00a0\u00bbcustom_link\u00a0\u00bb img_link_target=\u00a0\u00bb_blank\u00a0\u00bb qode_css_animation=\u00a0\u00bb\u00a0\u00bb link=\u00a0\u00bbhttp:\/\/www.bticino.be\/nl\u00a0\u00bb][\/vc_column_inner][vc_column_inner width=\u00a0\u00bb2\/3&Prime;][vc_column_text]BTicino, chef de file du groupe Legrand en Italie, se hisse dans la cour des leaders mondiaux sur le march\u00e9 des appareils \u00e9lectriques \u00e0 basse tension con\u00e7us pour des installations dans le secteur civil, industriel et tertiaire, t\u00e9moignant ainsi de la valeur italienne sur le plan de la qualit\u00e9, des technologies d\u2019avant-garde et de la culture de projet.<\/p>\n<p>D\u00e9couvrez le tout sur le site web de\u00a0<a href=\"http:\/\/www.bticino.be\/fr\" target=\"_blank\" rel=\"noopener noreferrer\">BTicino<\/a>[\/vc_column_text][\/vc_column_inner][\/vc_row_inner][vc_row_inner row_type=\u00a0\u00bbrow\u00a0\u00bb type=\u00a0\u00bbfull_width\u00a0\u00bb use_row_as_full_screen_section_slide=\u00a0\u00bbno\u00a0\u00bb text_align=\u00a0\u00bbleft\u00a0\u00bb css_animation=\u00a0\u00bb\u00a0\u00bb css=\u00a0\u00bb.vc_custom_1435044143563{margin-top: 25px !important;}\u00a0\u00bb][vc_column_inner width=\u00a0\u00bb1\/3&Prime;][vc_single_image image=\u00a0\u00bb22018&Prime; img_size=\u00a0\u00bbmedium\u00a0\u00bb alignment=\u00a0\u00bbcenter\u00a0\u00bb onclick=\u00a0\u00bbcustom_link\u00a0\u00bb img_link_target=\u00a0\u00bb_blank\u00a0\u00bb qode_css_animation=\u00a0\u00bb\u00a0\u00bb link=\u00a0\u00bbhttp:\/\/www.urmet.be\/belgium\/?id_lang=8&Prime;][\/vc_column_inner][vc_column_inner width=\u00a0\u00bb2\/3&Prime;][vc_column_text]Urmet est leader mondial dans la fabrication de plaques de rues parlophoniques et videophoniques.<\/p>\n<p>Beaucoup plus sur le site web de\u00a0<a href=\"http:\/\/www.urmet.be\/belgium\/?id_lang=2\" target=\"_blank\" rel=\"noopener noreferrer\">Urmet<\/a>\u00a0m\u00eame.[\/vc_column_text][\/vc_column_inner][\/vc_row_inner][vc_row_inner row_type=\u00a0\u00bbrow\u00a0\u00bb type=\u00a0\u00bbfull_width\u00a0\u00bb use_row_as_full_screen_section_slide=\u00a0\u00bbno\u00a0\u00bb text_align=\u00a0\u00bbleft\u00a0\u00bb css_animation=\u00a0\u00bb\u00a0\u00bb css=\u00a0\u00bb.vc_custom_1435044356848{margin-top: 25px !important;}\u00a0\u00bb][vc_column_inner width=\u00a0\u00bb1\/3&Prime;][vc_single_image image=\u00a0\u00bb22020&Prime; img_size=\u00a0\u00bbmedium\u00a0\u00bb alignment=\u00a0\u00bbcenter\u00a0\u00bb onclick=\u00a0\u00bbcustom_link\u00a0\u00bb img_link_target=\u00a0\u00bb_blank\u00a0\u00bb qode_css_animation=\u00a0\u00bb\u00a0\u00bb link=\u00a0\u00bbhttp:\/\/www.aiphone.be\/\u00a0\u00bb][\/vc_column_inner][vc_column_inner width=\u00a0\u00bb2\/3&Prime;][vc_column_text]Aiphone Japon est la marque la plus estim\u00e9e et la plus fiable de syst\u00e8mes de communication dans le monde entier. La soci\u00e9t\u00e9, qui fut constitu\u00e9e en 1948, exporte entre-temps vers plus de 60 pays. La sp\u00e9cialisation d\u2019Aiphone va de postes audio simples pour r\u00e9pondre aux appels du portier jusqu\u2019\u00e0 des syst\u00e8mes sophistiqu\u00e9s de contr\u00f4le d\u2019acc\u00e8s vid\u00e9o, des syst\u00e8mes commerciaux complexes \u00e0 microprocesseurs et des syst\u00e8mes luxueux de communication et de protection pour maisons et appartements.<\/p>\n<p>D\u00e9couvrez tout sur le site web de\u00a0<a href=\"http:\/\/www.aiphone.be\/fr\" target=\"_blank\" rel=\"noopener noreferrer\">Aiphone<\/a>[\/vc_column_text][\/vc_column_inner][\/vc_row_inner][vc_row_inner row_type=\u00a0\u00bbrow\u00a0\u00bb type=\u00a0\u00bbfull_width\u00a0\u00bb use_row_as_full_screen_section_slide=\u00a0\u00bbno\u00a0\u00bb text_align=\u00a0\u00bbleft\u00a0\u00bb css_animation=\u00a0\u00bb\u00a0\u00bb css=\u00a0\u00bb.vc_custom_1435044443739{margin-top: 25px !important;}\u00a0\u00bb][vc_column_inner width=\u00a0\u00bb1\/3&Prime;][vc_single_image image=\u00a0\u00bb22022&Prime; img_size=\u00a0\u00bbmedium\u00a0\u00bb alignment=\u00a0\u00bbcenter\u00a0\u00bb onclick=\u00a0\u00bbcustom_link\u00a0\u00bb img_link_target=\u00a0\u00bb_blank\u00a0\u00bb qode_css_animation=\u00a0\u00bb\u00a0\u00bb link=\u00a0\u00bbhttp:\/\/www.siedle.be\/App\/WebObjects\/XSeMIPS.woa\/cms\/page\/locale.nlBE\/pid.221.222\/Home.html\u00a0\u00bb][\/vc_column_inner][vc_column_inner width=\u00a0\u00bb2\/3&Prime;][vc_column_text]Le design Siedle travaille avec une expression formelle r\u00e9duite, qui repose sur des formes de base g\u00e9om\u00e9triques. C&rsquo;est la raison pour laquelle il est tr\u00e8s neutre et s&rsquo;harmonise avec de nombreux styles. Nous ne donnons pas de directives, mais nous apportons notre soutien \u00e0 la vari\u00e9t\u00e9. Siedle apporte \u00e0 l&rsquo;utilisateur des syst\u00e8mes qu&rsquo;il peut faire varier \u00e0 l&rsquo;infini. Contrairement \u00e0 une construction sp\u00e9ciale artisanale, l&rsquo;utilisateur a la certitude d&rsquo;obtenir toujours un produit esth\u00e9tiquement irr\u00e9prochable et mis en \u0153uvre dans la perfection.<\/p>\n<p>Plus d&rsquo;info sur leur site web:\u00a0<a href=\"http:\/\/www.siedle.be\/App\/WebObjects\/XSeMIPS.woa\/cms\/page\/locale.frBE\/pid.221.222\/Home.html\" target=\"_blank\" rel=\"noopener noreferrer\">Siedle<\/a>[\/vc_column_text][\/vc_column_inner][\/vc_row_inner][\/vc_column][\/vc_row]<\/p>\n<\/div>","protected":false},"excerpt":{"rendered":"<p>[vc_row row_type=\u00a0\u00bbrow\u00a0\u00bb use_row_as_full_screen_section=\u00a0\u00bbno\u00a0\u00bb type=\u00a0\u00bbfull_width\u00a0\u00bb text_align=\u00a0\u00bbleft\u00a0\u00bb background_animation=\u00a0\u00bbnone\u00a0\u00bb css_animation=\u00a0\u00bb\u00a0\u00bb][vc_column][vc_column_text] Nos marques [\/vc_column_text][\/vc_column][\/vc_row][vc_row row_type=\u00a0\u00bbrow\u00a0\u00bb use_row_as_full_screen_section=\u00a0\u00bbno\u00a0\u00bb type=\u00a0\u00bbfull_width\u00a0\u00bb text_align=\u00a0\u00bbleft\u00a0\u00bb background_animation=\u00a0\u00bbnone\u00a0\u00bb css_animation=\u00a0\u00bb\u00a0\u00bb css=\u00a0\u00bb.vc_custom_1435043751419{margin-top: 50px !important;margin-right: 40px !important;margin-bottom: 50px !important;margin-left: 40px !important;}\u00a0\u00bb][vc_column][vc_row_inner row_type=\u00a0\u00bbrow\u00a0\u00bb type=\u00a0\u00bbfull_width\u00a0\u00bb use_row_as_full_screen_section_slide=\u00a0\u00bbno\u00a0\u00bb text_align=\u00a0\u00bbleft\u00a0\u00bb css_animation=\u00a0\u00bb\u00a0\u00bb][vc_column_inner width=\u00a0\u00bb1\/3&Prime;][vc_single_image image=\u00a0\u00bb21874&Prime; img_size=\u00a0\u00bbmedium\u00a0\u00bb alignment=\u00a0\u00bbcenter\u00a0\u00bb onclick=\u00a0\u00bbcustom_link\u00a0\u00bb img_link_target=\u00a0\u00bb_blank\u00a0\u00bb qode_css_animation=\u00a0\u00bb\u00a0\u00bb link=\u00a0\u00bbhttp:\/\/www.bticino.be\/nl\u00a0\u00bb][\/vc_column_inner][vc_column_inner width=\u00a0\u00bb2\/3&Prime;][vc_column_text]BTicino, chef de file du groupe Legrand&#8230;<\/p>\n","protected":false},"author":2,"featured_media":0,"parent":21886,"menu_order":0,"comment_status":"open","ping_status":"closed","template":"","meta":{"footnotes":""},"class_list":["post-22125","page","type-page","status-publish","hentry"],"yoast_head":"<!-- This site is optimized with the Yoast SEO plugin v25.0 - https:\/\/yoast.com\/wordpress\/plugins\/seo\/ -->\n<title>Video et parlophonie - Altecs<\/title>\n<meta name=\"robots\" content=\"index, follow, max-snippet:-1, max-image-preview:large, max-video-preview:-1\" \/>\n<link rel=\"canonical\" href=\"https:\/\/www.altecs.be\/fr\/produits\/video-et-parlophonie\/\" \/>\n<meta property=\"og:locale\" content=\"fr_FR\" \/>\n<meta property=\"og:type\" content=\"article\" \/>\n<meta property=\"og:title\" content=\"Video et parlophonie - Altecs\" \/>\n<meta property=\"og:description\" content=\"[vc_row row_type=\u00a0\u00bbrow\u00a0\u00bb use_row_as_full_screen_section=\u00a0\u00bbno\u00a0\u00bb type=\u00a0\u00bbfull_width\u00a0\u00bb text_align=\u00a0\u00bbleft\u00a0\u00bb background_animation=\u00a0\u00bbnone\u00a0\u00bb css_animation=\u00a0\u00bb\u00a0\u00bb][vc_column][vc_column_text] Nos marques [\/vc_column_text][\/vc_column][\/vc_row][vc_row row_type=\u00a0\u00bbrow\u00a0\u00bb use_row_as_full_screen_section=\u00a0\u00bbno\u00a0\u00bb type=\u00a0\u00bbfull_width\u00a0\u00bb text_align=\u00a0\u00bbleft\u00a0\u00bb background_animation=\u00a0\u00bbnone\u00a0\u00bb css_animation=\u00a0\u00bb\u00a0\u00bb css=\u00a0\u00bb.vc_custom_1435043751419{margin-top: 50px !important;margin-right: 40px !important;margin-bottom: 50px !important;margin-left: 40px !important;}\u00a0\u00bb][vc_column][vc_row_inner row_type=\u00a0\u00bbrow\u00a0\u00bb type=\u00a0\u00bbfull_width\u00a0\u00bb use_row_as_full_screen_section_slide=\u00a0\u00bbno\u00a0\u00bb text_align=\u00a0\u00bbleft\u00a0\u00bb css_animation=\u00a0\u00bb\u00a0\u00bb][vc_column_inner width=\u00a0\u00bb1\/3&Prime;][vc_single_image image=\u00a0\u00bb21874&Prime; img_size=\u00a0\u00bbmedium\u00a0\u00bb alignment=\u00a0\u00bbcenter\u00a0\u00bb onclick=\u00a0\u00bbcustom_link\u00a0\u00bb img_link_target=\u00a0\u00bb_blank\u00a0\u00bb qode_css_animation=\u00a0\u00bb\u00a0\u00bb link=\u00a0\u00bbhttp:\/\/www.bticino.be\/nl\u00a0\u00bb][\/vc_column_inner][vc_column_inner width=\u00a0\u00bb2\/3&Prime;][vc_column_text]BTicino, chef de file du groupe Legrand...\" \/>\n<meta property=\"og:url\" content=\"https:\/\/www.altecs.be\/fr\/produits\/video-et-parlophonie\/\" \/>\n<meta property=\"og:site_name\" content=\"Altecs\" \/>\n<meta property=\"article:modified_time\" content=\"2019-09-05T12:45:29+00:00\" \/>\n<meta name=\"twitter:label1\" content=\"Dur\u00e9e de lecture estim\u00e9e\" \/>\n\t<meta name=\"twitter:data1\" content=\"3 minutes\" \/>\n<!-- \/ Yoast SEO plugin. -->","yoast_head_json":{"title":"Video et parlophonie - Altecs","robots":{"index":"index","follow":"follow","max-snippet":"max-snippet:-1","max-image-preview":"max-image-preview:large","max-video-preview":"max-video-preview:-1"},"canonical":"https:\/\/www.altecs.be\/fr\/produits\/video-et-parlophonie\/","og_locale":"fr_FR","og_type":"article","og_title":"Video et parlophonie - Altecs","og_description":"[vc_row row_type=\u00a0\u00bbrow\u00a0\u00bb use_row_as_full_screen_section=\u00a0\u00bbno\u00a0\u00bb type=\u00a0\u00bbfull_width\u00a0\u00bb text_align=\u00a0\u00bbleft\u00a0\u00bb background_animation=\u00a0\u00bbnone\u00a0\u00bb css_animation=\u00a0\u00bb\u00a0\u00bb][vc_column][vc_column_text] Nos marques [\/vc_column_text][\/vc_column][\/vc_row][vc_row row_type=\u00a0\u00bbrow\u00a0\u00bb use_row_as_full_screen_section=\u00a0\u00bbno\u00a0\u00bb type=\u00a0\u00bbfull_width\u00a0\u00bb text_align=\u00a0\u00bbleft\u00a0\u00bb background_animation=\u00a0\u00bbnone\u00a0\u00bb css_animation=\u00a0\u00bb\u00a0\u00bb css=\u00a0\u00bb.vc_custom_1435043751419{margin-top: 50px !important;margin-right: 40px !important;margin-bottom: 50px !important;margin-left: 40px !important;}\u00a0\u00bb][vc_column][vc_row_inner row_type=\u00a0\u00bbrow\u00a0\u00bb type=\u00a0\u00bbfull_width\u00a0\u00bb use_row_as_full_screen_section_slide=\u00a0\u00bbno\u00a0\u00bb text_align=\u00a0\u00bbleft\u00a0\u00bb css_animation=\u00a0\u00bb\u00a0\u00bb][vc_column_inner width=\u00a0\u00bb1\/3&Prime;][vc_single_image image=\u00a0\u00bb21874&Prime; img_size=\u00a0\u00bbmedium\u00a0\u00bb alignment=\u00a0\u00bbcenter\u00a0\u00bb onclick=\u00a0\u00bbcustom_link\u00a0\u00bb img_link_target=\u00a0\u00bb_blank\u00a0\u00bb qode_css_animation=\u00a0\u00bb\u00a0\u00bb link=\u00a0\u00bbhttp:\/\/www.bticino.be\/nl\u00a0\u00bb][\/vc_column_inner][vc_column_inner width=\u00a0\u00bb2\/3&Prime;][vc_column_text]BTicino, chef de file du groupe Legrand...","og_url":"https:\/\/www.altecs.be\/fr\/produits\/video-et-parlophonie\/","og_site_name":"Altecs","article_modified_time":"2019-09-05T12:45:29+00:00","twitter_misc":{"Dur\u00e9e de lecture estim\u00e9e":"3 minutes"},"schema":{"@context":"https:\/\/schema.org","@graph":[{"@type":"WebPage","@id":"https:\/\/www.altecs.be\/fr\/produits\/video-et-parlophonie\/","url":"https:\/\/www.altecs.be\/fr\/produits\/video-et-parlophonie\/","name":"Video et parlophonie - Altecs","isPartOf":{"@id":"https:\/\/www.altecs.be\/fr\/#website"},"datePublished":"2015-02-17T16:17:07+00:00","dateModified":"2019-09-05T12:45:29+00:00","breadcrumb":{"@id":"https:\/\/www.altecs.be\/fr\/produits\/video-et-parlophonie\/#breadcrumb"},"inLanguage":"fr-FR","potentialAction":[{"@type":"ReadAction","target":["https:\/\/www.altecs.be\/fr\/produits\/video-et-parlophonie\/"]}]},{"@type":"BreadcrumbList","@id":"https:\/\/www.altecs.be\/fr\/produits\/video-et-parlophonie\/#breadcrumb","itemListElement":[{"@type":"ListItem","position":1,"name":"Home","item":"https:\/\/www.altecs.be\/fr\/"},{"@type":"ListItem","position":2,"name":"Produits","item":"https:\/\/www.altecs.be\/fr\/producten\/"},{"@type":"ListItem","position":3,"name":"Video et parlophonie"}]},{"@type":"WebSite","@id":"https:\/\/www.altecs.be\/fr\/#website","url":"https:\/\/www.altecs.be\/fr\/","name":"Altecs","description":"Just another WordPress site","publisher":{"@id":"https:\/\/www.altecs.be\/fr\/#organization"},"potentialAction":[{"@type":"SearchAction","target":{"@type":"EntryPoint","urlTemplate":"https:\/\/www.altecs.be\/fr\/?s={search_term_string}"},"query-input":{"@type":"PropertyValueSpecification","valueRequired":true,"valueName":"search_term_string"}}],"inLanguage":"fr-FR"},{"@type":"Organization","@id":"https:\/\/www.altecs.be\/fr\/#organization","name":"Altecs","url":"https:\/\/www.altecs.be\/fr\/","logo":{"@type":"ImageObject","inLanguage":"fr-FR","@id":"https:\/\/www.altecs.be\/fr\/#\/schema\/logo\/image\/","url":"https:\/\/www.altecs.be\/wp-content\/uploads\/2015\/02\/logo.png","contentUrl":"https:\/\/www.altecs.be\/wp-content\/uploads\/2015\/02\/logo.png","width":200,"height":150,"caption":"Altecs"},"image":{"@id":"https:\/\/www.altecs.be\/fr\/#\/schema\/logo\/image\/"}}]}},"_links":{"self":[{"href":"https:\/\/www.altecs.be\/fr\/wp-json\/wp\/v2\/pages\/22125","targetHints":{"allow":["GET"]}}],"collection":[{"href":"https:\/\/www.altecs.be\/fr\/wp-json\/wp\/v2\/pages"}],"about":[{"href":"https:\/\/www.altecs.be\/fr\/wp-json\/wp\/v2\/types\/page"}],"author":[{"embeddable":true,"href":"https:\/\/www.altecs.be\/fr\/wp-json\/wp\/v2\/users\/2"}],"replies":[{"embeddable":true,"href":"https:\/\/www.altecs.be\/fr\/wp-json\/wp\/v2\/comments?post=22125"}],"version-history":[{"count":3,"href":"https:\/\/www.altecs.be\/fr\/wp-json\/wp\/v2\/pages\/22125\/revisions"}],"predecessor-version":[{"id":22236,"href":"https:\/\/www.altecs.be\/fr\/wp-json\/wp\/v2\/pages\/22125\/revisions\/22236"}],"up":[{"embeddable":true,"href":"https:\/\/www.altecs.be\/fr\/wp-json\/wp\/v2\/pages\/21886"}],"wp:attachment":[{"href":"https:\/\/www.altecs.be\/fr\/wp-json\/wp\/v2\/media?parent=22125"}],"curies":[{"name":"wp","href":"https:\/\/api.w.org\/{rel}","templated":true}]}}